{"id":15,"date":"2015-05-06T12:39:25","date_gmt":"2015-05-06T11:39:25","guid":{"rendered":"https:\/\/261abc.wordpress.com\/?page_id=15"},"modified":"2015-05-06T12:39:25","modified_gmt":"2015-05-06T11:39:25","slug":"contenu-de-la-formation","status":"publish","type":"page","link":"https:\/\/essagro.mg\/abc\/contenu-de-la-formation\/","title":{"rendered":"Contenu de la formation"},"content":{"rendered":"<p>Les cours ou \u00e9l\u00e9ments constitutifs sont regroup\u00e9s en unit\u00e9s d&rsquo;enseignement ou UE repartis sur les 4 semestres.<\/p>\n<p><strong><em>Semestre 7<\/em><\/strong><\/p>\n<p><strong>UE Agro\u00e9cologie<\/strong><strong><br \/>\n<\/strong>Agro\u00e9cologie : Introduction<br \/>\nAgro\u00e9cologie : Bases scientifiques<\/p>\n<p><strong>UE Changement climatique<\/strong><strong><br \/>\n<\/strong>Climat et dynamique<br \/>\nChangement climatique : bases<br \/>\nChangement climatique : cadres internationaux et nationaux<\/p>\n<p><strong>UE Conservation de la biodiversit\u00e9<\/strong><strong><br \/>\n<\/strong>Conservation de la biodiversit\u00e9<br \/>\nCadre juridique de la GDRN<br \/>\nInventaire et suivi de la biodiversit\u00e9 (Classe de terrain Mandraka)<\/p>\n<p><strong>UE M\u00e9thodologie<\/strong><strong><br \/>\n<\/strong>Diagnostic participatif en agronomie (Classe de terrain Soavinandriana Itasy)<br \/>\nDiagnostic participatif en GDRN<br \/>\nM\u00e9thodologie de recherche et communication<br \/>\nStatistiques et bases de donn\u00e9es<\/p>\n<p><strong>UE Syst\u00e8mes agraires : Bases<\/strong><strong><br \/>\n<\/strong>Agriculture tropicale<br \/>\nSyst\u00e8mes agraires<br \/>\nSols et agronomie<\/p>\n<p><strong><em>Semestre 8<\/em><\/strong><\/p>\n<p><strong>UE Adaptation au CC<\/strong><strong><br \/>\n<\/strong>Adaptation : bases<br \/>\nAdaptation des \u00e9cosyst\u00e8mes au CC<br \/>\nCadre juridique de la lutte contre le CC<br \/>\nRecherche-action participative<\/p>\n<p><strong>UE Agro\u00e9cologie<\/strong><strong><br \/>\n<\/strong>\u00a0Agro\u00e9cologie : bases techniques<br \/>\nAgro\u00e9cologie : Syst\u00e8mes int\u00e9gr\u00e9s<br \/>\nAgro\u00e9cologie : Exp\u00e9riences mondiales et nationales<\/p>\n<p><strong>UE Att\u00e9nuation<\/strong><strong><br \/>\n<\/strong>Approches et outils en att\u00e9nuation<br \/>\nAtt\u00e9nuation : Bases<br \/>\nAtt\u00e9nuation et REDD<br \/>\nEcosyst\u00e8mes et att\u00e9nuation<\/p>\n<p><strong>UE NTIC I<\/strong><strong><br \/>\n<\/strong>Climatologie appliqu\u00e9e 1<br \/>\nG\u00e9omatique<br \/>\nMod\u00e8les dynamiques<\/p>\n<p><strong>UE STAGE EN INSTITUTION<\/strong><strong><br \/>\n<\/strong>Stage<\/p>\n<p><strong><em>Semestre 9<\/em><\/strong><\/p>\n<p><strong>UE Agro\u00e9cologie et GRN r\u00e9silientes au changement climatique<\/strong><strong><br \/>\n<\/strong>Agro\u00e9cologie appliqu\u00e9e<br \/>\nClimate Smart Agriculture<\/p>\n<p><strong>UE Conservation de la biodiversit\u00e9 et GRN r\u00e9silientes au changement climatique<\/strong><strong><br \/>\n<\/strong>Mod\u00e9lisation et planification de la conservation de la biodiversit\u00e9<br \/>\nEconomie, soci\u00e9t\u00e9s et r\u00e9ponses au changement climatique<\/p>\n<p><strong>UE Soci\u00e9t\u00e9s et r\u00e9ponses au CC<\/strong><strong><br \/>\n<\/strong>Economie des services environnementaux<br \/>\nMarch\u00e9 du carbone et MDP<br \/>\nSoci\u00e9t\u00e9s, \u00e9conomies et Adaptation<br \/>\n<strong><br \/>\nUE FIELD SCHOOL<br \/>\n<\/strong>Field school<\/p>\n<p><strong>UE NTIC II<\/strong><strong><br \/>\n<\/strong>Climatologie appliqu\u00e9e 2<br \/>\nG\u00e9omatique 2<\/p>\n<p><strong><em>Semestre 10 : M\u00e9moire<\/em><\/strong><\/p>\n<p><strong><em>[bws_pdfprint]<\/em><\/strong><\/p>\n<p>&nbsp;<\/p>\n","protected":false},"excerpt":{"rendered":"<p>Les cours ou \u00e9l\u00e9ments constitutifs sont regroup\u00e9s en unit\u00e9s d&rsquo;enseignement ou UE repartis sur les 4 semestres. Semestre 7 UE Agro\u00e9cologie Agro\u00e9cologie : Introduction Agro\u00e9cologie : Bases scientifiques UE Changement climatique Climat et dynamique Changement climatique : bases Changement climatique : cadres internationaux et nationaux UE Conservation de la biodiversit\u00e9 Conservation de la biodiversit\u00e9 Cadre &hellip; <a href=\"https:\/\/essagro.mg\/abc\/contenu-de-la-formation\/\" class=\"more-link\">Continuer la lecture<span class=\"screen-reader-text\"> de &laquo;&nbsp;Contenu de la formation&nbsp;&raquo;<\/span><\/a><\/p>\n","protected":false},"author":1,"featured_media":0,"parent":0,"menu_order":3,"comment_status":"closed","ping_status":"closed","template":"","meta":{"pagelayer_contact_templates":[],"_pagelayer_content":"","footnotes":""},"class_list":["post-15","page","type-page","status-publish","hentry"],"_links":{"self":[{"href":"https:\/\/essagro.mg\/abc\/wp-json\/wp\/v2\/pages\/15","targetHints":{"allow":["GET"]}}],"collection":[{"href":"https:\/\/essagro.mg\/abc\/wp-json\/wp\/v2\/pages"}],"about":[{"href":"https:\/\/essagro.mg\/abc\/wp-json\/wp\/v2\/types\/page"}],"author":[{"embeddable":true,"href":"https:\/\/essagro.mg\/abc\/wp-json\/wp\/v2\/users\/1"}],"replies":[{"embeddable":true,"href":"https:\/\/essagro.mg\/abc\/wp-json\/wp\/v2\/comments?post=15"}],"version-history":[{"count":0,"href":"https:\/\/essagro.mg\/abc\/wp-json\/wp\/v2\/pages\/15\/revisions"}],"wp:attachment":[{"href":"https:\/\/essagro.mg\/abc\/wp-json\/wp\/v2\/media?parent=15"}],"curies":[{"name":"wp","href":"https:\/\/api.w.org\/{rel}","templated":true}]}}